{"id":106,"date":"2025-03-24T12:15:17","date_gmt":"2025-03-24T11:15:17","guid":{"rendered":"https:\/\/abe-consilium.de\/?page_id=106"},"modified":"2025-10-01T11:22:46","modified_gmt":"2025-10-01T09:22:46","slug":"gesellschaftliche-aktivitaeten","status":"publish","type":"page","link":"https:\/\/abe-consilium.de\/index.php\/gesellschaftliche-aktivitaeten\/","title":{"rendered":"Gesellschaftliche-Aktivitaeten"},"content":{"rendered":"<p>[et_pb_section fb_built=&#8221;1&#8243; _builder_version=&#8221;4.27.4&#8243; _module_preset=&#8221;default&#8221; background_color=&#8221;#a8a9ad&#8221; min_height=&#8221;10px&#8221; height=&#8221;10px&#8221; max_height=&#8221;10px&#8221; global_colors_info=&#8221;{}&#8221;][et_pb_row column_structure=&#8221;1_3,1_3,1_3&#8243; _builder_version=&#8221;4.16&#8243; _module_preset=&#8221;default&#8221; global_colors_info=&#8221;{}&#8221;][et_pb_column type=&#8221;1_3&#8243; _builder_version=&#8221;4.16&#8243; _module_preset=&#8221;_initial&#8221; global_colors_info=&#8221;{}&#8221;][\/et_pb_column][et_pb_column type=&#8221;1_3&#8243; _builder_version=&#8221;4.16&#8243; _module_preset=&#8221;_initial&#8221; global_colors_info=&#8221;{}&#8221;][et_pb_image src=&#8221;https:\/\/abe-consilium.de\/wp-content\/uploads\/2025\/03\/BM-LogoWE_4c.eps_.png&#8221; title_text=&#8221;BM-LogoWE_4c.eps&#8221; _builder_version=&#8221;4.22.2&#8243; _module_preset=&#8221;default&#8221; global_colors_info=&#8221;{}&#8221;][\/et_pb_image][\/et_pb_column][et_pb_column type=&#8221;1_3&#8243; _builder_version=&#8221;4.16&#8243; _module_preset=&#8221;_initial&#8221; global_colors_info=&#8221;{}&#8221;][\/et_pb_column][\/et_pb_row][et_pb_row _builder_version=&#8221;4.16&#8243; _module_preset=&#8221;default&#8221; global_colors_info=&#8221;{}&#8221;][et_pb_column type=&#8221;4_4&#8243; _builder_version=&#8221;4.16&#8243; _module_preset=&#8221;_initial&#8221; global_colors_info=&#8221;{}&#8221;][et_pb_text _builder_version=&#8221;4.26.0&#8243; _module_preset=&#8221;default&#8221; text_font=&#8221;Montserrat||||||||&#8221; text_text_color=&#8221;#FFFFFF&#8221; text_font_size=&#8221;16px&#8221; header_font=&#8221;Montserrat||||||||&#8221; header_3_font=&#8221;Montserrat||||||||&#8221; header_3_text_color=&#8221;#6B6B6B&#8221; header_3_line_height=&#8221;1.5em&#8221; custom_margin=&#8221;-50px|||||&#8221; custom_padding=&#8221;29px||30px|||&#8221; global_colors_info=&#8221;{}&#8221;]<\/p>\n<h3 style=\"text-align: center;\"><strong>Karsten Junghans &#8211; Senator der Wirtschaft im Europ\u00e4ischen Senat der <\/strong><\/h3>\n<h3 style=\"text-align: center;\"><strong>&#8220;Wir Eigent\u00fcmerunternehmer&#8221; Gruppe<\/strong><\/h3>\n<p style=\"text-align: center;\">[\/et_pb_text][\/et_pb_column][\/et_pb_row][\/et_pb_section][et_pb_section fb_built=&#8221;1&#8243; admin_label=&#8221;Hero&#8221; _builder_version=&#8221;4.16&#8243; _module_preset=&#8221;default&#8221; custom_margin=&#8221;-34px|||||&#8221; custom_padding=&#8221;0px|0px|0px|0px&#8221; animation_style=&#8221;zoom&#8221; animation_intensity_zoom=&#8221;4%&#8221; global_colors_info=&#8221;{}&#8221;][et_pb_row admin_label=&#8221;Service Section Title&#8221; _builder_version=&#8221;4.21.0&#8243; _module_preset=&#8221;default&#8221; width=&#8221;100%&#8221; max_width=&#8221;2560px&#8221; custom_margin=&#8221;|auto|-1px|auto||&#8221; animation_style=&#8221;fade&#8221; animation_direction=&#8221;top&#8221; saved_tabs=&#8221;all&#8221; global_colors_info=&#8221;{}&#8221;][et_pb_column type=&#8221;4_4&#8243; _builder_version=&#8221;4.16&#8243; _module_preset=&#8221;_initial&#8221; custom_padding=&#8221;|||&#8221; global_colors_info=&#8221;{}&#8221; custom_padding__hover=&#8221;|||&#8221;][et_pb_text admin_label=&#8221;Title&#8221; _builder_version=&#8221;4.27.4&#8243; _module_preset=&#8221;default&#8221; text_font=&#8221;Montserrat||||||||&#8221; text_text_color=&#8221;#747d88&#8243; text_font_size=&#8221;16px&#8221; text_line_height=&#8221;1.9em&#8221; header_font=&#8221;||||||||&#8221; header_2_font=&#8221;Montserrat|700||on|||||&#8221; header_2_font_size=&#8221;42px&#8221; header_2_line_height=&#8221;1.3em&#8221; background_color=&#8221;#a8a9ad&#8221; text_orientation=&#8221;center&#8221; max_width=&#8221;700%&#8221; module_alignment=&#8221;center&#8221; custom_padding=&#8221;10px||||false|false&#8221; animation_style=&#8221;slide&#8221; animation_direction=&#8221;bottom&#8221; animation_intensity_slide=&#8221;4%&#8221; global_colors_info=&#8221;{}&#8221;]<\/p>\n<h2>Ich engagiere mich &#8211; f\u00fcr die maximale Freiheit der Menschen und M\u00e4rkte<\/h2>\n<p>[\/et_pb_text][\/et_pb_column][\/et_pb_row][\/et_pb_section][et_pb_section fb_built=&#8221;1&#8243; admin_label=&#8221;Service Section&#8221; _builder_version=&#8221;4.16&#8243; _module_preset=&#8221;default&#8221; custom_margin=&#8221;|||&#8221; custom_padding=&#8221;0px||4px|||&#8221; global_colors_info=&#8221;{}&#8221;][et_pb_row admin_label=&#8221;Service Section Title&#8221; module_id=&#8221;kurse&#8221; _builder_version=&#8221;4.16&#8243; _module_preset=&#8221;default&#8221; width=&#8221;100%&#8221; max_width=&#8221;2560px&#8221; custom_margin=&#8221;|auto|-1px|auto||&#8221; animation_style=&#8221;fade&#8221; animation_direction=&#8221;top&#8221; saved_tabs=&#8221;all&#8221; global_colors_info=&#8221;{}&#8221;][et_pb_column type=&#8221;4_4&#8243; _builder_version=&#8221;4.16&#8243; _module_preset=&#8221;_initial&#8221; custom_padding=&#8221;|||&#8221; global_colors_info=&#8221;{}&#8221; custom_padding__hover=&#8221;|||&#8221;][et_pb_text _builder_version=&#8221;4.27.0&#8243; _module_preset=&#8221;default&#8221; global_colors_info=&#8221;{}&#8221;]<\/p>\n<h1 style=\"text-align: center;\"><strong>Fr\u00fcher:<\/strong><\/h1>\n<p>&nbsp;<\/p>\n<p><img loading=\"lazy\" decoding=\"async\" src=\"https:\/\/abe-consilium.de\/wp-content\/uploads\/2025\/03\/PhotoScan-300x208-1.jpg\" width=\"301\" height=\"209\" alt=\"\" class=\"wp-image-1148 alignnone size-medium\" style=\"display: block; margin-left: auto; margin-right: auto;\" \/>\u00a0 \u00a0 \u00a0<\/p>\n<p>&nbsp;<\/p>\n<h1 style=\"text-align: center;\"><strong>und Heute:<\/strong><\/h1>\n<p>[\/et_pb_text][\/et_pb_column][\/et_pb_row][et_pb_row admin_label=&#8221;Service Section Title&#8221; module_id=&#8221;kurse&#8221; _builder_version=&#8221;4.16&#8243; _module_preset=&#8221;default&#8221; width=&#8221;100%&#8221; max_width=&#8221;2560px&#8221; custom_margin=&#8221;|auto|-1px|auto||&#8221; animation_style=&#8221;fade&#8221; animation_direction=&#8221;top&#8221; saved_tabs=&#8221;all&#8221; global_colors_info=&#8221;{}&#8221;][et_pb_column type=&#8221;4_4&#8243; _builder_version=&#8221;4.16&#8243; _module_preset=&#8221;_initial&#8221; custom_padding=&#8221;|||&#8221; global_colors_info=&#8221;{}&#8221; custom_padding__hover=&#8221;|||&#8221;][et_pb_text admin_label=&#8221;Title&#8221; _builder_version=&#8221;4.27.4&#8243; _module_preset=&#8221;default&#8221; text_font=&#8221;Montserrat||||||||&#8221; text_text_color=&#8221;#747d88&#8243; text_font_size=&#8221;16px&#8221; text_line_height=&#8221;1.9em&#8221; header_font=&#8221;||||||||&#8221; header_2_font=&#8221;Montserrat|700||on|||||&#8221; header_2_font_size=&#8221;42px&#8221; header_2_line_height=&#8221;1.3em&#8221; background_color=&#8221;#a8a9ad&#8221; text_orientation=&#8221;center&#8221; max_width=&#8221;700%&#8221; module_alignment=&#8221;center&#8221; custom_padding=&#8221;10px||||false|false&#8221; animation_style=&#8221;slide&#8221; animation_direction=&#8221;bottom&#8221; animation_intensity_slide=&#8221;4%&#8221; hover_enabled=&#8221;0&#8243; global_colors_info=&#8221;{}&#8221; sticky_enabled=&#8221;0&#8243;]<\/p>\n<h2>News<\/h2>\n<p>[\/et_pb_text][\/et_pb_column][\/et_pb_row][et_pb_row _builder_version=&#8221;4.21.0&#8243; _module_preset=&#8221;default&#8221; max_width=&#8221;80%&#8221; global_colors_info=&#8221;{}&#8221;][et_pb_column type=&#8221;4_4&#8243; _builder_version=&#8221;4.16&#8243; _module_preset=&#8221;_initial&#8221; global_colors_info=&#8221;{}&#8221;][et_pb_text _builder_version=&#8221;4.27.4&#8243; _module_preset=&#8221;default&#8221; text_font=&#8221;Montserrat||||||||&#8221; text_font_size=&#8221;16px&#8221; background_color=&#8221;#FFFFFF&#8221; min_height=&#8221;1034px&#8221; custom_margin=&#8221;0px|||||&#8221; custom_padding=&#8221;70px||15px|||&#8221; hover_enabled=&#8221;0&#8243; global_colors_info=&#8221;{}&#8221; sticky_enabled=&#8221;0&#8243;]<\/p>\n<h3 style=\"text-align: center;\"><strong>September 2025<\/strong><\/h3>\n<h4 style=\"text-align: center;\"><strong><\/strong>Verleihung des Preises des Deutschen Mittelstands 2025<\/h4>\n<p>&nbsp;<\/p>\n<p style=\"text-align: center;\"><span><img loading=\"lazy\" decoding=\"async\" src=\"https:\/\/abe-consilium.de\/wp-content\/uploads\/2025\/10\/Amann-0290730-300x200.jpg\" width=\"300\" height=\"200\" alt=\"\" class=\"wp-image-150 alignnone size-medium\" \/><img loading=\"lazy\" decoding=\"async\" src=\"https:\/\/abe-consilium.de\/wp-content\/uploads\/2025\/10\/Amann-0291195-300x200.jpg\" width=\"300\" height=\"200\" alt=\"\" class=\"wp-image-151 alignnone size-medium\" \/><img loading=\"lazy\" decoding=\"async\" src=\"https:\/\/abe-consilium.de\/wp-content\/uploads\/2025\/10\/Wolf-0007390-300x200.jpg\" width=\"300\" height=\"200\" alt=\"\" class=\"wp-image-152 alignnone size-medium\" \/>\u00a0<\/span><\/p>\n<p style=\"text-align: center;\">Preistr\u00e4ger 2025 Reiner Holznagel, Pr\u00e4sident Bund der Steuerzahler<\/p>\n<p style=\"text-align: center;\">Und die Familientradition geht weiter, der Junior wurde f\u00fcr seine Verdienste um den Deutschen und Europ\u00e4ischen Mittelstand mit der W\u00fcrde eines Seantors im Europ\u00e4ischen Senat der Wir Eigent\u00fcmerunternehmer Gruppe ausgezeichnet.<\/p>\n<p style=\"text-align: center;\"><img loading=\"lazy\" decoding=\"async\" src=\"https:\/\/abe-consilium.de\/wp-content\/uploads\/2025\/10\/Amann-0290655-300x200.jpg\" width=\"300\" height=\"200\" alt=\"\" class=\"wp-image-149 alignnone size-medium\" \/><\/p>\n<h6 style=\"text-align: center;\"><span><\/span><\/h6>\n<h6 style=\"text-align: center;\"><span>Von Links: Prof. Dr. Volker R\u00f6mermann, Pr\u00e4sident Bundesverband Deutscher Mittelstand &#8211; BM, Dorian Ammer, Dr. Dieter Kindermann, Vorsitzender des Pr\u00e4sidialbeitrates.<\/span><\/h6>\n<h6 style=\"text-align: center;\"><span>Der Deutsche Mittelstandspreis \/ Berlin \/ 23. September 2025 \/ Fotograf: Andreas Amann, Berlin<\/span><\/h6>\n<h3 style=\"text-align: center;\"><strong><\/strong><\/h3>\n<p><strong><\/strong><\/p>\n<p><strong><\/strong><\/p>\n<h3 style=\"text-align: center;\"><strong>November 2024<\/strong><\/h3>\n<h4 style=\"text-align: center;\"><strong><\/strong>Verleihung des Preises des Deutschen Mittelstands 2024<\/h4>\n<p>&nbsp;<\/p>\n<p style=\"text-align: center;\"><span><img loading=\"lazy\" decoding=\"async\" src=\"https:\/\/abe-consilium.de\/wp-content\/uploads\/2025\/03\/046_0593-300x200-1.jpg\" width=\"300\" height=\"200\" alt=\"\" class=\"wp-image-1179 alignnone size-medium\" \/><img loading=\"lazy\" decoding=\"async\" src=\"https:\/\/abe-consilium.de\/wp-content\/uploads\/2025\/03\/046_1080-300x200-1.jpg\" width=\"300\" height=\"200\" alt=\"\" class=\"wp-image-1181 alignnone size-medium\" \/><img loading=\"lazy\" decoding=\"async\" src=\"https:\/\/abe-consilium.de\/wp-content\/uploads\/2025\/03\/046_0865-300x200-1.jpg\" width=\"300\" height=\"200\" alt=\"\" class=\"wp-image-1180 alignnone size-medium\" \/>\u00a0<\/span><\/p>\n<h6 style=\"text-align: center;\"><span>Der Deutsche Mittelstandspreis \/ Berlin \/ 05. November 2024 \/ Fotograf: Andreas Amann, Berlin<\/span><\/h6>\n<p><span><\/span><\/p>\n<h6 style=\"text-align: center;\"><span>Bild 1 Gerd Maas, Dorian Ammer, Prof. Dr. Gerd Habermann und Karsten Junghans.<\/span><\/h6>\n<h6 style=\"text-align: center;\"><span>Bild 2: Die Preistr\u00e4ger<\/span><\/h6>\n<h6 style=\"text-align: center;\"><span>Bild 3 : Prof. Dr. Gerd Habermann und Karsten Junghans<\/span><\/h6>\n<p><span><\/span><\/p>\n<p><span><\/span><\/p>\n<p style=\"text-align: center;\"><span>30 Jahre Preis des Deutschen Mittelstands &#8211; diesmal nicht an Politiker!!<\/span><\/p>\n<p style=\"text-align: center;\"><span>Die Preistr\u00e4ger 2024: <\/span><\/p>\n<p style=\"text-align: center;\"><span>Herr Kay Scheller, Pr\u00e4sident des Bundesrechnungshofes und Prof. em. Dr. Dr. h.c. mult. Hans-Werner Sinn.<\/span><\/p>\n<p style=\"text-align: center;\"><span><\/span><\/p>\n<p style=\"text-align: center;\"><span><\/span><\/p>\n<p style=\"text-align: center;\"><span><\/span><\/p>\n<p style=\"text-align: center;\"><span><\/span><\/p>\n<h3 style=\"text-align: center;\"><strong><\/strong><\/h3>\n<h3 style=\"text-align: center;\"><strong><\/strong><\/h3>\n<h3 style=\"text-align: center;\"><strong>Juni 2024<\/strong><\/h3>\n<h4 style=\"text-align: center;\"><strong><\/strong>Der bayerische Mittelstandspreis 2024<\/h4>\n<p>&nbsp;<\/p>\n<p style=\"text-align: center;\"><span><img loading=\"lazy\" decoding=\"async\" src=\"https:\/\/abe-consilium.de\/wp-content\/uploads\/2025\/03\/FR1_3104-300x200-1.jpg\" width=\"300\" height=\"200\" alt=\"\" class=\"wp-image-1134 size-medium\" \/><img loading=\"lazy\" decoding=\"async\" src=\"https:\/\/abe-consilium.de\/wp-content\/uploads\/2025\/03\/FR1_3173-300x200-1.jpg\" width=\"300\" height=\"200\" alt=\"\" class=\"wp-image-1135 size-medium\" \/>\u00a0<\/span><\/p>\n<h6 style=\"text-align: center;\"><span>Der Bayerische Mittelstandspreis \/ M\u00fcnchen \/ 28. Juni 2024 \/ Fotos: ABR-Pictures \/ Frank Rollitz<\/span><\/h6>\n<p style=\"text-align: center;\"><span>Am Freitag, den 28.06.2024 wurden im M\u00fcnchner K\u00fcnstlerhaus am Lenbachplatz herausragende bayerische Mittelst\u00e4ndler f\u00fcr ihre beeindruckenden unternehmerischen Leistungen geehrt. <\/span><\/p>\n<p style=\"text-align: center;\"><span>Wir waren vor Ort.<\/span><\/p>\n<h3 style=\"text-align: center;\"><strong><\/strong><\/h3>\n<p><strong><\/strong><\/p>\n<p><strong><\/strong><\/p>\n<p><strong><\/strong><\/p>\n<h4 style=\"text-align: center;\">20.06.2024 Podiumsdiskussion \/ 21. und 22.06.2024 Hayek Tage Hamburg<\/h4>\n<p>&nbsp;<\/p>\n<p style=\"text-align: center;\"><img loading=\"lazy\" decoding=\"async\" src=\"https:\/\/abe-consilium.de\/wp-content\/uploads\/2025\/03\/IMG_20240621_005508_767-300x169-1.jpg\" width=\"300\" height=\"169\" alt=\"\" class=\"wp-image-1136 alignnone size-medium\" \/>\u00a0<img loading=\"lazy\" decoding=\"async\" src=\"https:\/\/abe-consilium.de\/wp-content\/uploads\/2025\/03\/IMG_20240622_154949_383-300x169-1.jpg\" width=\"300\" height=\"169\" alt=\"\" class=\"wp-image-1137 alignnone size-medium\" \/><\/p>\n<p style=\"text-align: center;\">Ereignisreiche Tage vom 20. bis 22.06.2024 in Hamburg. Am Freitag eine Podiumsdiskussion &#8220;der Weg in die Freiheit&#8221; mit Dr. Markus Krall und Dr. Titus Gebel.<\/p>\n<p style=\"text-align: center;\">Samstag interessante Vortr\u00e4ge und Gespr\u00e4che auf den Hayek Tagen. Am Sonntag das Highlight, die Rede von Argentiniens Pr\u00e4sident, Javier Milei.<\/p>\n<p>&nbsp;<\/p>\n<h3 style=\"text-align: center;\"><strong><\/strong><\/h3>\n<h3 style=\"text-align: center;\"><strong>Januar 2024<\/strong><\/h3>\n<p><strong><\/strong><\/p>\n<h4 style=\"text-align: center;\"><strong><\/strong>Arbeitsgruppentreffen &#8220;Wirtschaft &amp; Politik&#8221; 09.01.2024<\/h4>\n<p>&nbsp;<\/p>\n<p style=\"text-align: center;\"><img loading=\"lazy\" decoding=\"async\" src=\"https:\/\/abe-consilium.de\/wp-content\/uploads\/2025\/03\/DSC02571-300x200-1.jpg\" width=\"300\" height=\"200\" alt=\"\" class=\"wp-image-1091 alignnone size-medium\" \/><img loading=\"lazy\" decoding=\"async\" src=\"https:\/\/abe-consilium.de\/wp-content\/uploads\/2025\/03\/DSC02576-300x200-1.jpg\" width=\"300\" height=\"200\" alt=\"\" class=\"wp-image-1093 alignnone size-medium\" \/>\u00a0<img loading=\"lazy\" decoding=\"async\" src=\"https:\/\/abe-consilium.de\/wp-content\/uploads\/2025\/03\/20240109_145356-1-300x200-1.jpg\" width=\"300\" height=\"200\" alt=\"\" class=\"wp-image-1097 alignnone size-medium\" \/><\/p>\n<p style=\"text-align: center;\">Genauso freundlicher wie konstruktiver Austausch mit der Leiterin der Abteilung Mittelstandspolitik im<span class=\"white-space-pre\"> <\/span>Bundesministerium f\u00fcr Wirtschaft und Klimaschutz<span class=\"white-space-pre\"> <\/span>Dr. Sabine Hepperle bei unserem Arbeitskreis Wirtschaft &amp; Politik in der Verbandsgruppe WIR EIGENT\u00dcMERUNTERNEHMER. Schwerpunkte des Gespr\u00e4chs waren der wachsende Mangel an Arbeitskr\u00e4ften und B\u00fcrokratieabbau. Trotz den Bem\u00fchungen aus der Mittelstandsabteilung des BMWK wachsen die Lasten und Folgekosten aus B\u00fcrokratie f\u00fcr Unternehmer. Es konnten aber Initiativen vereinbart werden, die Linderungen versprechen. F\u00fcr die Themenfelder haushaltsnahe Dienstleistungen in der Pflege, Betriebswohnungsbau und Nachhaltigkeits-Reporting stellen wir Fallstudien zusammen, um gemeinsam mit dem Ministerium nach M\u00f6glichkeiten f\u00fcr Praxischecks zu suchen. Ziel ist es, in greifbaren Szenarien die wesentlichen Stakeholder an ein Tisch zu bekommen. Damit k\u00f6nnen erst b\u00fcrokratische Lasten im Detail identifiziert werden und daraus allgemeine Verbesserungsvorschl\u00e4ge abgeleitet werden.<\/p>\n<p style=\"text-align: center;\">Am Abend dann ein reger und informativer Austausch mit Dr. Dr. Rainer Zitelmann. Ein gl\u00fchender Verfechter von Kapitalismus und Marktwirtschaft.<\/p>\n<p style=\"text-align: center;\"><img loading=\"lazy\" decoding=\"async\" src=\"https:\/\/abe-consilium.de\/wp-content\/uploads\/2025\/03\/20240109_211541-300x225-1.jpg\" width=\"300\" height=\"225\" alt=\"\" class=\"wp-image-1088 alignnone size-medium\" \/><img loading=\"lazy\" decoding=\"async\" src=\"https:\/\/abe-consilium.de\/wp-content\/uploads\/2025\/03\/20240109_191539-300x225-1.jpg\" width=\"300\" height=\"225\" alt=\"\" class=\"wp-image-1087 alignnone size-medium\" \/><\/p>\n<h3 style=\"text-align: center;\"><strong><\/strong><\/h3>\n<h3 style=\"text-align: center;\"><strong><\/strong><\/h3>\n<h3 style=\"text-align: center;\"><strong><\/strong><\/h3>\n<h3 style=\"text-align: center;\"><strong><\/strong><\/h3>\n<h3 style=\"text-align: center;\"><strong><\/strong><\/h3>\n<h3 style=\"text-align: center;\"><strong>September 2023<\/strong><\/h3>\n<p><strong><\/strong><\/p>\n<h3 style=\"text-align: center;\"><strong>Verleihung des Preises des Deutschen Mittelstands am 28. September im W\u00fcrth Haus in Berlin-Schwanenwerder <\/strong><\/h3>\n<p><strong><\/strong><\/p>\n<p style=\"text-align: center;\"><strong><img loading=\"lazy\" decoding=\"async\" src=\"https:\/\/abe-consilium.de\/wp-content\/uploads\/2025\/03\/BLD6128-300x200-1.jpg\" width=\"300\" height=\"200\" alt=\"\" class=\"wp-image-1039 alignnone size-medium\" \/><img loading=\"lazy\" decoding=\"async\" src=\"https:\/\/abe-consilium.de\/wp-content\/uploads\/2025\/03\/BLD6623-300x200-1.jpg\" width=\"300\" height=\"200\" alt=\"\" class=\"wp-image-1042 alignnone size-medium\" \/><img loading=\"lazy\" decoding=\"async\" src=\"https:\/\/abe-consilium.de\/wp-content\/uploads\/2025\/03\/BLD6245-300x200-1.jpg\" width=\"300\" height=\"200\" alt=\"\" class=\"wp-image-1041 alignnone size-medium\" \/><\/strong><\/p>\n<h6 style=\"text-align: center;\"><\/h6>\n<h6 style=\"text-align: center;\">Bilder Copyright: \u00a9 Andreas Amann\/Cathrin Wolf, Berlin.<\/h6>\n<p><strong><\/strong><\/p>\n<p style=\"text-align: center;\">Carsten Linnemann: \u201eMittelstand ist komparativer Kostenvorteil dieses Landes\u201c.<\/p>\n<p style=\"text-align: center;\">Roland Koch: der Mittelstand ist<br \/>\u201enicht revitalisierbar, wenn man ihn zerst\u00f6rt\u201c.<\/p>\n<p style=\"text-align: center;\">Wenn es den Mittelstand nicht g\u00e4be, man m\u00fcsste ihn erfinden. Aber kaum jemand wei\u00df noch, wie das geht. Fatal, denn seine Innovationskraft und Produktivit\u00e4t ist \u201ezentral f\u00fcr unsere Prosperit\u00e4t\u201c (Koch).<\/p>\n<p style=\"text-align: center;\">Wenige in der Politik reden nicht nur von der Sozialen Marktwirtschaft, sondern verstehen sie auch. Und handeln entsprechend. Nicht nur in der Wirtschaftspolitik, sondern in allen gesellschaftlichen Bereichen. Zum Beispiel mit dem Vorrang der Eigenverantwortung &#8211; und der damit verbundenen Freiheit. Vor allem aber mit dem Bewusstsein, dass es \u201ekeinen leistungslosen Wohlstand\u201c gibt (Linnemann).<\/p>\n<p style=\"text-align: center;\">Ein w\u00fcrdiger, ja gro\u00dfartiger &#8211; leider vielleicht schon ein wenig einzigartiger &#8211; Tr\u00e4ger des Preises des deutschen Mittelstandes 2023: Carsten Linnemann<\/p>\n<p style=\"text-align: center;\">Bundesverband Deutscher Mittelstand e.V. &#8211; BM &#8211; Wir Eigent\u00fcmerunternehmer<\/p>\n<p><strong><\/strong><\/p>\n<p><strong><\/strong><\/p>\n<p><strong><\/strong><\/p>\n<p><strong><img loading=\"lazy\" decoding=\"async\" src=\"https:\/\/abe-consilium.de\/wp-content\/uploads\/2025\/03\/BLD6147-300x200-1.jpg\" width=\"300\" height=\"200\" alt=\"\" class=\"wp-image-1040 alignnone size-medium\" style=\"display: block; margin-left: auto; margin-right: auto;\" \/><\/strong><\/p>\n<p><strong><\/strong><\/p>\n<p style=\"text-align: center;\">Drei Musketiere f\u00fcr das Gute, Sch\u00f6ne und Wahre durch die praktische Vernunft des Mittelstandes.<\/p>\n<p style=\"text-align: center;\">Ausnahmsweise hatten wir mal gut lachen: Bei der Verleihung des Deutschen Mittelstandspreises 2023 an\u00a0Carsten Linnemann\u00a0mit Laudation von\u00a0Prof. Dr. h.c. mult. Roland Koch\u00a0lag Erhard und die Soziale Marktwirtschaft quasi in der Luft &#8211; im Gegensatz zum aktuellen Wirtschaftsministerium; da wehen gerade laufend neue planwirtschaftliche Ideen durch die Korridore.<\/p>\n<p style=\"text-align: center;\">Mit den Kollegen Gregor Schmidt und Gerd Maas aus dem Arbeitskreis Wirtschaft &amp; Politik im Bundesverband Deutscher Mittelstand e.V. &#8211; BM &#8211; Wir Eigent\u00fcmerunternehmer<\/p>\n<h3 style=\"text-align: center;\"><strong><\/strong><\/h3>\n<h3 style=\"text-align: center;\"><\/h3>\n<p>&nbsp;<\/p>\n<h3 style=\"text-align: center;\"><strong>Mai 2023<\/strong><\/h3>\n<p><strong><\/strong><\/p>\n<p style=\"text-align: center;\"><strong>\u00a0<img loading=\"lazy\" decoding=\"async\" src=\"https:\/\/abe-consilium.de\/wp-content\/uploads\/2025\/03\/1685038538664-300x200-1.jpg\" width=\"300\" height=\"200\" alt=\"\" class=\"wp-image-977 alignnone size-medium\" \/><img loading=\"lazy\" decoding=\"async\" src=\"https:\/\/abe-consilium.de\/wp-content\/uploads\/2025\/03\/1685038535857-300x200-1.jpg\" width=\"300\" height=\"200\" alt=\"\" class=\"wp-image-976 alignnone size-medium\" \/><\/strong><\/p>\n<p style=\"text-align: center;\"><strong>Schwestern im Geiste der Sozialen Marktwirtschaft<\/strong><\/p>\n<p style=\"text-align: center;\">25.05.2023<\/p>\n<p style=\"text-align: center;\">Netzwerken mit dem Arbeitskreis Wirtschaft &amp; Politik der WirEigent\u00fcmerunternehmer bei der Mittelstands- und Wirtschaftsunion (MIT) &#8211; besten Dank an die Vorsitzende Gitta Connemann MdB und den Hauptgesch\u00e4ftsf\u00fchrer Fabian Wendenburg f\u00fcr das offene und konzentrierte Gespr\u00e4ch, um Werten wie Freiheit, Eigenverantwortung, Wettbewerb &amp; Eigentum systematisch wieder mehr Geltung zu verschaffen. Weil daraus Wohlstand f\u00fcr alle entsteht.<\/p>\n<p style=\"text-align: center;\">F\u00fcr den AK WiPo dabei\u00a0Otmar Schuster,\u00a0Karsten Junghans,\u00a0Gregor Schmidt,\u00a0Johann Stigler\u00a0und\u00a0Gerd Maas\u00a0unterst\u00fctzt von\u00a0Ralf-Michael L\u00f6ttgen\u00a0vom\u00a0Bundesverband der Dienstleistungswirtschaft.<\/p>\n<h3 style=\"text-align: center;\"><strong><\/strong><\/h3>\n<h3 style=\"text-align: center;\"><strong><\/strong><\/h3>\n<h3 style=\"text-align: center;\"><strong><\/strong><\/h3>\n<h3 style=\"text-align: center;\"><strong>Ein kleiner R\u00fcckblick auf das Jahr 2022:<\/strong><\/h3>\n<p><strong><\/strong><\/p>\n<h3 style=\"text-align: center;\"><strong>Oktober 2022<\/strong><\/h3>\n<p style=\"text-align: center;\">Im Oktober waren wir zum <strong>&#8220;deutschen Elite-Mittelstandspreis&#8221;<\/strong> geladen. Hier ein paar Eindr\u00fccke:<\/p>\n<p style=\"text-align: center;\"><img loading=\"lazy\" decoding=\"async\" src=\"https:\/\/abe-consilium.de\/wp-content\/uploads\/2025\/03\/Vater-und-Sohn-1024x683-1.jpg\" width=\"345\" height=\"230\" alt=\"\" class=\"wp-image-862 alignnone size-large\" \/><img loading=\"lazy\" decoding=\"async\" src=\"https:\/\/abe-consilium.de\/wp-content\/uploads\/2025\/03\/046_0649-1024x683-1.jpg\" width=\"345\" height=\"230\" alt=\"\" class=\"wp-image-867 alignnone size-large\" \/><img loading=\"lazy\" decoding=\"async\" src=\"https:\/\/abe-consilium.de\/wp-content\/uploads\/2025\/03\/Vater-und-Sohn-3.jpg\" width=\"345\" height=\"230\" alt=\"\" class=\"wp-image-864 alignnone size-full\" \/><\/p>\n<h6 style=\"text-align: center;\">Bilder Copyright: \u00a9 Andreas Amann\/Cathrin Wolf, Berlin.<\/h6>\n<p>&nbsp;<\/p>\n<h3 style=\"text-align: center;\"><strong>November 2022<\/strong><\/h3>\n<p style=\"text-align: center;\">Am 28.11.2022 durfte ich dann noch als Leiter der Arbeitsgruppe Pflege im Bundesverband Deutscher Mittelstand BM &#8211;\u00a0 gemeinsam mit weiteren Mitgliedern der Arbeitsgruppe Politik und Wirtschaft der Verbandsgruppe WIR EIGENT\u00dcMERUNTERNEHMER &#8211; dem Mittelstandsbeauftragten der Bundesregierung, Herrn Kellner, unsere Sicht auf die Pflegeproblematik im Mittelstand und die teilweise nicht nachvollziehbaren Verordnungen in den einzelnen Bundesl\u00e4ndern, speziell auch Sachsen vortragen.<\/p>\n<p style=\"text-align: center;\"><img loading=\"lazy\" decoding=\"async\" src=\"https:\/\/abe-consilium.de\/wp-content\/uploads\/2025\/03\/image_0906176f-7433-4361-bff2-8da38e28445820221206_025757-1024x768-1.jpg\" width=\"462\" height=\"347\" alt=\"\" class=\"wp-image-870 alignnone size-large\" \/><img loading=\"lazy\" decoding=\"async\" src=\"https:\/\/abe-consilium.de\/wp-content\/uploads\/2025\/03\/image_3c5ac718-681a-4cd6-887c-e063e06464c020221206_025739.jpg\" width=\"350\" height=\"347\" alt=\"\" class=\"wp-image-869 alignnone size-large\" \/><\/p>\n<p style=\"text-align: center;\">Das an ihn \u00fcbergebene Arbeitspapier als Download.<\/p>\n<p style=\"text-align: center;\"><a href=\"https:\/\/vivacus.academy\/download\/874\/?tmstv=1670340512\" target=\"_blank\" rel=\"noopener\" title=\"Arbeiterlosigkeit\"><img loading=\"lazy\" decoding=\"async\" src=\"https:\/\/abe-consilium.de\/wp-content\/uploads\/2025\/03\/Screenshot-2022-12-06-162353.png\" width=\"243\" height=\"89\" alt=\"\" class=\"wp-image-871 alignnone size-full\" \/><\/a><\/p>\n<p>[\/et_pb_text][\/et_pb_column][\/et_pb_row][\/et_pb_section][et_pb_section fb_built=&#8221;1&#8243; admin_label=&#8221;Contact Form Section&#8221; module_id=&#8221;kontakt&#8221; _builder_version=&#8221;4.27.4&#8243; _module_preset=&#8221;default&#8221; background_color=&#8221;#a8a9ad&#8221; custom_padding=&#8221;110px||110px|&#8221; animation_style=&#8221;zoom&#8221; animation_direction=&#8221;bottom&#8221; animation_intensity_zoom=&#8221;10%&#8221; saved_tabs=&#8221;all&#8221; global_colors_info=&#8221;{}&#8221;][et_pb_row admin_label=&#8221;Service Section Title&#8221; _builder_version=&#8221;4.16&#8243; _module_preset=&#8221;default&#8221; custom_margin=&#8221;||40px|&#8221; animation_style=&#8221;fade&#8221; animation_direction=&#8221;top&#8221; locked=&#8221;off&#8221; global_colors_info=&#8221;{}&#8221;][et_pb_column type=&#8221;4_4&#8243; _builder_version=&#8221;4.16&#8243; _module_preset=&#8221;_initial&#8221; custom_padding=&#8221;|||&#8221; global_colors_info=&#8221;{}&#8221; custom_padding__hover=&#8221;|||&#8221;][et_pb_text admin_label=&#8221;Title&#8221; _builder_version=&#8221;4.16&#8243; _module_preset=&#8221;default&#8221; text_font=&#8221;Montserrat||||||||&#8221; text_text_color=&#8221;#747d88&#8243; text_font_size=&#8221;16px&#8221; text_line_height=&#8221;1.9em&#8221; header_font=&#8221;||||||||&#8221; header_2_font=&#8221;Montserrat|700||on|||||&#8221; header_2_font_size=&#8221;42px&#8221; header_2_line_height=&#8221;1.3em&#8221; background_size=&#8221;initial&#8221; background_position=&#8221;top_left&#8221; background_repeat=&#8221;repeat&#8221; text_orientation=&#8221;center&#8221; max_width=&#8221;700px&#8221; module_alignment=&#8221;center&#8221; animation_style=&#8221;slide&#8221; animation_direction=&#8221;bottom&#8221; animation_intensity_slide=&#8221;4%&#8221; global_colors_info=&#8221;{}&#8221;]<\/p>\n<h2>Sie haben Fragen?<\/h2>\n<h2> <span style=\"color: #ffffff;\">Nutzen Sie unser Kontaktformular<\/span><\/h2>\n<p>[\/et_pb_text][et_pb_text admin_label=&#8221;Subtitle&#8221; _builder_version=&#8221;4.16&#8243; _module_preset=&#8221;default&#8221; text_font=&#8221;Montserrat||||&#8221; text_text_color=&#8221;#353740&#8243; text_font_size=&#8221;16px&#8221; text_line_height=&#8221;1.8em&#8221; header_font=&#8221;||||||||&#8221; background_size=&#8221;initial&#8221; background_position=&#8221;top_left&#8221; background_repeat=&#8221;repeat&#8221; text_orientation=&#8221;center&#8221; max_width=&#8221;700px&#8221; module_alignment=&#8221;center&#8221; custom_margin=&#8221;|||&#8221; animation_style=&#8221;slide&#8221; animation_direction=&#8221;bottom&#8221; animation_delay=&#8221;100ms&#8221; animation_intensity_slide=&#8221;4%&#8221; global_colors_info=&#8221;{}&#8221;][\/et_pb_text][\/et_pb_column][\/et_pb_row][et_pb_row admin_label=&#8221;Contact Form&#8221; _builder_version=&#8221;4.16&#8243; _module_preset=&#8221;default&#8221; animation_style=&#8221;fade&#8221; global_colors_info=&#8221;{}&#8221;][et_pb_column type=&#8221;4_4&#8243; _builder_version=&#8221;4.16&#8243; _module_preset=&#8221;_initial&#8221; custom_padding=&#8221;|||&#8221; global_colors_info=&#8221;{}&#8221; custom_padding__hover=&#8221;|||&#8221;][et_pb_contact_form submit_button_text=&#8221;Send&#8221; module_id=&#8221;et_pb_contact_form_0&#8243; _builder_version=&#8221;4.18.0&#8243; _module_preset=&#8221;default&#8221; _unique_id=&#8221;f79bc821-c6e7-4199-a940-35e79a625628&#8243; form_field_background_color=&#8221;#FFFFFF&#8221; form_field_text_color=&#8221;#353740&#8243; form_field_font=&#8221;Montserrat||||&#8221; form_field_font_size=&#8221;16px&#8221; custom_button=&#8221;on&#8221; button_text_color=&#8221;#ffffff&#8221; button_border_width=&#8221;5px&#8221; button_border_color=&#8221;#ffffff&#8221; button_border_radius=&#8221;100px&#8221; button_letter_spacing=&#8221;2px&#8221; button_font=&#8221;Montserrat|on||on|&#8221; button_icon=&#8221;&#x45;||divi||400&#8243; button_icon_color=&#8221;#ffffff&#8221; max_width=&#8221;800px&#8221; module_alignment=&#8221;center&#8221; animation_style=&#8221;fade&#8221; box_shadow_style=&#8221;preset7&#8243; box_shadow_horizontal=&#8221;0px&#8221; box_shadow_vertical=&#8221;-1px&#8221; box_shadow_color=&#8221;rgba(0,0,0,0.18)&#8221; form_background_color=&#8221;rgba(255,255,255,0)&#8221; global_colors_info=&#8221;{}&#8221;][et_pb_contact_field field_id=&#8221;Name&#8221; field_title=&#8221;Name&#8221; fullwidth_field=&#8221;on&#8221; _builder_version=&#8221;4.16&#8243; _module_preset=&#8221;default&#8221; global_colors_info=&#8221;{}&#8221; button_text_size__hover_enabled=&#8221;off&#8221; button_one_text_size__hover_enabled=&#8221;off&#8221; button_two_text_size__hover_enabled=&#8221;off&#8221; button_text_color__hover_enabled=&#8221;off&#8221; button_one_text_color__hover_enabled=&#8221;off&#8221; button_two_text_color__hover_enabled=&#8221;off&#8221; button_border_width__hover_enabled=&#8221;off&#8221; button_one_border_width__hover_enabled=&#8221;off&#8221; button_two_border_width__hover_enabled=&#8221;off&#8221; button_border_color__hover_enabled=&#8221;off&#8221; button_one_border_color__hover_enabled=&#8221;off&#8221; button_two_border_color__hover_enabled=&#8221;off&#8221; button_border_radius__hover_enabled=&#8221;off&#8221; button_one_border_radius__hover_enabled=&#8221;off&#8221; button_two_border_radius__hover_enabled=&#8221;off&#8221; button_letter_spacing__hover_enabled=&#8221;off&#8221; button_one_letter_spacing__hover_enabled=&#8221;off&#8221; button_two_letter_spacing__hover_enabled=&#8221;off&#8221; button_bg_color__hover_enabled=&#8221;off&#8221; button_one_bg_color__hover_enabled=&#8221;off&#8221; button_two_bg_color__hover_enabled=&#8221;off&#8221;][\/et_pb_contact_field][et_pb_contact_field field_id=&#8221;Email&#8221; field_title=&#8221;Email Adresse&#8221; field_type=&#8221;email&#8221; fullwidth_field=&#8221;on&#8221; _builder_version=&#8221;4.16&#8243; _module_preset=&#8221;default&#8221; global_colors_info=&#8221;{}&#8221; button_text_size__hover_enabled=&#8221;off&#8221; button_one_text_size__hover_enabled=&#8221;off&#8221; button_two_text_size__hover_enabled=&#8221;off&#8221; button_text_color__hover_enabled=&#8221;off&#8221; button_one_text_color__hover_enabled=&#8221;off&#8221; button_two_text_color__hover_enabled=&#8221;off&#8221; button_border_width__hover_enabled=&#8221;off&#8221; button_one_border_width__hover_enabled=&#8221;off&#8221; button_two_border_width__hover_enabled=&#8221;off&#8221; button_border_color__hover_enabled=&#8221;off&#8221; button_one_border_color__hover_enabled=&#8221;off&#8221; button_two_border_color__hover_enabled=&#8221;off&#8221; button_border_radius__hover_enabled=&#8221;off&#8221; button_one_border_radius__hover_enabled=&#8221;off&#8221; button_two_border_radius__hover_enabled=&#8221;off&#8221; button_letter_spacing__hover_enabled=&#8221;off&#8221; button_one_letter_spacing__hover_enabled=&#8221;off&#8221; button_two_letter_spacing__hover_enabled=&#8221;off&#8221; button_bg_color__hover_enabled=&#8221;off&#8221; button_one_bg_color__hover_enabled=&#8221;off&#8221; button_two_bg_color__hover_enabled=&#8221;off&#8221;][\/et_pb_contact_field][et_pb_contact_field field_id=&#8221;Telefonnummer&#8221; field_title=&#8221;Telefonnummer&#8221; fullwidth_field=&#8221;on&#8221; _builder_version=&#8221;4.16&#8243; _module_preset=&#8221;default&#8221; global_colors_info=&#8221;{}&#8221;][\/et_pb_contact_field][et_pb_contact_field field_id=&#8221;Firmierung&#8221; field_title=&#8221;Firma&#8221; fullwidth_field=&#8221;on&#8221; _builder_version=&#8221;4.16&#8243; _module_preset=&#8221;default&#8221; global_colors_info=&#8221;{}&#8221; button_text_size__hover_enabled=&#8221;off&#8221; button_one_text_size__hover_enabled=&#8221;off&#8221; button_two_text_size__hover_enabled=&#8221;off&#8221; button_text_color__hover_enabled=&#8221;off&#8221; button_one_text_color__hover_enabled=&#8221;off&#8221; button_two_text_color__hover_enabled=&#8221;off&#8221; button_border_width__hover_enabled=&#8221;off&#8221; button_one_border_width__hover_enabled=&#8221;off&#8221; button_two_border_width__hover_enabled=&#8221;off&#8221; button_border_color__hover_enabled=&#8221;off&#8221; button_one_border_color__hover_enabled=&#8221;off&#8221; button_two_border_color__hover_enabled=&#8221;off&#8221; button_border_radius__hover_enabled=&#8221;off&#8221; button_one_border_radius__hover_enabled=&#8221;off&#8221; button_two_border_radius__hover_enabled=&#8221;off&#8221; button_letter_spacing__hover_enabled=&#8221;off&#8221; button_one_letter_spacing__hover_enabled=&#8221;off&#8221; button_two_letter_spacing__hover_enabled=&#8221;off&#8221; button_bg_color__hover_enabled=&#8221;off&#8221; button_one_bg_color__hover_enabled=&#8221;off&#8221; button_two_bg_color__hover_enabled=&#8221;off&#8221;][\/et_pb_contact_field][et_pb_contact_field field_id=&#8221;Ihre_Nachricht_an_uns&#8221; field_title=&#8221;Ihre Nachricht an uns&#8221; field_type=&#8221;text&#8221; fullwidth_field=&#8221;on&#8221; _builder_version=&#8221;4.16&#8243; _module_preset=&#8221;default&#8221; custom_margin=&#8221;||60px|&#8221; custom_padding=&#8221;|||&#8221; global_colors_info=&#8221;{}&#8221; button_text_size__hover_enabled=&#8221;off&#8221; button_one_text_size__hover_enabled=&#8221;off&#8221; button_two_text_size__hover_enabled=&#8221;off&#8221; button_text_color__hover_enabled=&#8221;off&#8221; button_one_text_color__hover_enabled=&#8221;off&#8221; button_two_text_color__hover_enabled=&#8221;off&#8221; button_border_width__hover_enabled=&#8221;off&#8221; button_one_border_width__hover_enabled=&#8221;off&#8221; button_two_border_width__hover_enabled=&#8221;off&#8221; button_border_color__hover_enabled=&#8221;off&#8221; button_one_border_color__hover_enabled=&#8221;off&#8221; button_two_border_color__hover_enabled=&#8221;off&#8221; button_border_radius__hover_enabled=&#8221;off&#8221; button_one_border_radius__hover_enabled=&#8221;off&#8221; button_two_border_radius__hover_enabled=&#8221;off&#8221; button_letter_spacing__hover_enabled=&#8221;off&#8221; button_one_letter_spacing__hover_enabled=&#8221;off&#8221; button_two_letter_spacing__hover_enabled=&#8221;off&#8221; button_bg_color__hover_enabled=&#8221;off&#8221; button_one_bg_color__hover_enabled=&#8221;off&#8221; button_two_bg_color__hover_enabled=&#8221;off&#8221;][\/et_pb_contact_field][\/et_pb_contact_form][\/et_pb_column][\/et_pb_row][\/et_pb_section]<\/p>\n","protected":false},"excerpt":{"rendered":"<p>Karsten Junghans &#8211; Senator der Wirtschaft im Europ\u00e4ischen Senat der &#8220;Wir Eigent\u00fcmerunternehmer&#8221; Gruppe Ich engagiere mich &#8211; f\u00fcr die maximale Freiheit der Menschen und M\u00e4rkteFr\u00fcher: &nbsp; \u00a0 \u00a0 \u00a0 &nbsp; und Heute:NewsSeptember 2025 Verleihung des Preises des Deutschen Mittelstands 2025 &nbsp; \u00a0 Preistr\u00e4ger 2025 Reiner Holznagel, Pr\u00e4sident Bund der Steuerzahler Und die Familientradition geht weiter, [&hellip;]<\/p>\n","protected":false},"author":1,"featured_media":0,"parent":0,"menu_order":0,"comment_status":"closed","ping_status":"closed","template":"","meta":{"_et_pb_use_builder":"on","_et_pb_old_content":"","_et_gb_content_width":"","footnotes":""},"class_list":["post-106","page","type-page","status-publish","hentry"],"_links":{"self":[{"href":"https:\/\/abe-consilium.de\/index.php\/wp-json\/wp\/v2\/pages\/106","targetHints":{"allow":["GET"]}}],"collection":[{"href":"https:\/\/abe-consilium.de\/index.php\/wp-json\/wp\/v2\/pages"}],"about":[{"href":"https:\/\/abe-consilium.de\/index.php\/wp-json\/wp\/v2\/types\/page"}],"author":[{"embeddable":true,"href":"https:\/\/abe-consilium.de\/index.php\/wp-json\/wp\/v2\/users\/1"}],"replies":[{"embeddable":true,"href":"https:\/\/abe-consilium.de\/index.php\/wp-json\/wp\/v2\/comments?post=106"}],"version-history":[{"count":6,"href":"https:\/\/abe-consilium.de\/index.php\/wp-json\/wp\/v2\/pages\/106\/revisions"}],"predecessor-version":[{"id":155,"href":"https:\/\/abe-consilium.de\/index.php\/wp-json\/wp\/v2\/pages\/106\/revisions\/155"}],"wp:attachment":[{"href":"https:\/\/abe-consilium.de\/index.php\/wp-json\/wp\/v2\/media?parent=106"}],"curies":[{"name":"wp","href":"https:\/\/api.w.org\/{rel}","templated":true}]}}